{"id":4514,"date":"2024-02-09T20:52:22","date_gmt":"2024-02-09T20:52:22","guid":{"rendered":"https:\/\/pixcareforma.com\/?page_id=4514"},"modified":"2024-02-09T21:03:07","modified_gmt":"2024-02-09T21:03:07","slug":"events","status":"publish","type":"page","link":"https:\/\/pixcareforma.com\/es\/events\/","title":{"rendered":"Events"},"content":{"rendered":"\t\t<div data-elementor-type=\"wp-post\" data-elementor-id=\"4514\" class=\"elementor elementor-4514\">\n\t\t\t\t\t\t\t\t\t<section class=\"elementor-section elementor-top-section elementor-element elementor-element-c39b004 elementor-section-full_width elementor-section-height-default elementor-section-height-default\" data-id=\"c39b004\" data-element_type=\"section\">\n\t\t\t\t\t\t<div class=\"elementor-container elementor-column-gap-no\">\n\t\t\t\t\t<div class=\"elementor-column elementor-col-100 elementor-top-column elementor-element elementor-element-11fb603\" data-id=\"11fb603\" data-element_type=\"column\">\n\t\t\t<div class=\"elementor-widget-wrap elementor-element-populated\">\n\t\t\t\t\t\t\t\t<div class=\"elementor-element elementor-element-81533ca elementor-widget elementor-widget-ova_heading\" data-id=\"81533ca\" data-element_type=\"widget\" data-widget_type=\"ova_heading.default\">\n\t\t\t\t<div class=\"elementor-widget-container\">\n\t\t\t\t\t\t\t<section class=\"breadcrumb-menu-v2 breadcrumb-section section-box\" style=\"background-image: url(http:\/\/pixcareforma.com\/wp-content\/uploads\/2019\/01\/events-bc.jpg)\">\n\t\t\t\t<div class=\"container\">\n\t\t\t\t\t<div class=\"breadcrumb-inner\">\n\t\t\t\t\t\t\t\t\t\t\t\t\t<h1>Upcoming events<\/h1>\n\t\t\t\t\t\t\t\t\t\t\t\t\t\t\t\t\t<\/div>\t\n\t\t\t\t<\/div>\n\t\t\t<\/section>\n\t\t\t\t\t<\/div>\n\t\t\t\t<\/div>\n\t\t\t\t\t<\/div>\n\t\t<\/div>\n\t\t\t\t\t\t\t<\/div>\n\t\t<\/section>\n\t\t\t\t<section class=\"elementor-section elementor-top-section elementor-element elementor-element-c5393bb elementor-section-full_width elementor-section-height-default elementor-section-height-default\" data-id=\"c5393bb\" data-element_type=\"section\" data-settings=\"{&quot;background_background&quot;:&quot;classic&quot;}\">\n\t\t\t\t\t\t<div class=\"elementor-container elementor-column-gap-default\">\n\t\t\t\t\t<div class=\"elementor-column elementor-col-100 elementor-top-column elementor-element elementor-element-40453ca\" data-id=\"40453ca\" data-element_type=\"column\">\n\t\t\t<div class=\"elementor-widget-wrap elementor-element-populated\">\n\t\t\t\t\t\t\t\t<div class=\"elementor-element elementor-element-18c592e elementor-widget elementor-widget-ova_events_cat\" data-id=\"18c592e\" data-element_type=\"widget\" data-widget_type=\"ova_events_cat.default\">\n\t\t\t\t<div class=\"elementor-widget-container\">\n\t\t\t\n\t\t<section class=\"events-section\">\n\t\t\t<div class=\"container\">\n\t\t\t\t<div class=\"row\">\n\t\t\t\t\t\t\t\t\t\t\t<div class=\"col-xl-6 col-lg-6 col-md-6 col-sm-12 col-12\">\n\t\t\t\t\t\t\t<div class=\"events-content\">\n\t\t\t\t\t\t\t\t<div class=\"image\">\n\t\t\t\t\t\t\t\t\t<a href=\"https:\/\/pixcareforma.com\/es\/event\/festeja-a-papa\/\">\n\t\t\t\t\t\t\t\t\t\t<img src='https:\/\/pixcareforma.com\/wp-content\/uploads\/2026\/01\/1080-1-300x300.png' srcset='https:\/\/pixcareforma.com\/wp-content\/uploads\/2026\/01\/1080-1-300x300.png 300w, https:\/\/pixcareforma.com\/wp-content\/uploads\/2026\/01\/1080-1-1024x1024.png 1024w, https:\/\/pixcareforma.com\/wp-content\/uploads\/2026\/01\/1080-1-150x150.png 150w, https:\/\/pixcareforma.com\/wp-content\/uploads\/2026\/01\/1080-1-768x768.png 768w, https:\/\/pixcareforma.com\/wp-content\/uploads\/2026\/01\/1080-1-1536x1536.png 1536w, https:\/\/pixcareforma.com\/wp-content\/uploads\/2026\/01\/1080-1-2048x2048.png 2048w, https:\/\/pixcareforma.com\/wp-content\/uploads\/2026\/01\/1080-1-12x12.png 12w' sizes=\"(max-width: 600px) 100vw, 600px\" alt=\"San Valent\u00edn\">\n\t\t\t\t\t\t\t\t\t<\/a>\n\t\t\t\t\t\t\t\t<\/div>\n\t\t\t\t\t\t\t\t<div class=\"events-detail\">\n\t\t\t\t\t\t\t\t\t\t\t\t\t\t\t\t\t\t\t<div class=\"time\">\n\t\t\t\t\t\t\t\t\t\t\t<i class=\"zmdi zmdi-calendar-alt\"><\/i>\n\t\t\t\t\t\t\t\t\t\t\t<span> 14 de febrero de 2026 <\/span>\n\t\t\t\t\t\t\t\t\t\t<\/div>\n\t\t\t\t\t\t\t\t\t\n\t\t\t\t\t\t\t\t\t\t\t\t\t\t\t\t\t\t\t<h4><a href=\"https:\/\/pixcareforma.com\/es\/event\/festeja-a-papa\/\" title=\"San Valent\u00edn\">San Valent\u00edn<\/a><\/h4>\n\t\t\t\t\t\t\t\t\t\n\t\t\t\t\t\t\t\t\t\t\t\t\t\t\t\t\t\t\t<p>\u2764 14 de febrero en Pixca Reforma \u2764 Disfruta de<\/p>\n\t\t\t\t\t\t\t\t\t\n\t\t\t\t\t\t\t\t\t\t\t\t\t\t\t\t\t\t\t<a href=\"https:\/\/pixcareforma.com\/es\/event\/festeja-a-papa\/\" class=\"more-link\">M\u00c1S INFORMACI\u00d3N<\/a>\n\t\t\t\t\t\t\t\t\t\t\t\t\t\t\t\t\t<\/div>\n\t\t\t\t\t\t\t<\/div>\n\t\t\t\t\t\t<\/div>\n\t\t\t\t\t\t\t\t\t\t\t\t<div class=\"col-xl-6 col-lg-6 col-md-6 col-sm-12 col-12\">\n\t\t\t\t\t\t\t<div class=\"events-content\">\n\t\t\t\t\t\t\t\t<div class=\"image\">\n\t\t\t\t\t\t\t\t\t<a href=\"https:\/\/pixcareforma.com\/es\/event\/la-noche-mas-esperada-del-ano\/\">\n\t\t\t\t\t\t\t\t\t\t<img src='https:\/\/pixcareforma.com\/wp-content\/uploads\/2025\/12\/ANO-NUEVO-2026_Mesa-de-trabajo-1-copia-8-300x300.png' srcset='https:\/\/pixcareforma.com\/wp-content\/uploads\/2025\/12\/ANO-NUEVO-2026_Mesa-de-trabajo-1-copia-8-300x300.png 300w, https:\/\/pixcareforma.com\/wp-content\/uploads\/2025\/12\/ANO-NUEVO-2026_Mesa-de-trabajo-1-copia-8-1024x1024.png 1024w, https:\/\/pixcareforma.com\/wp-content\/uploads\/2025\/12\/ANO-NUEVO-2026_Mesa-de-trabajo-1-copia-8-150x150.png 150w, https:\/\/pixcareforma.com\/wp-content\/uploads\/2025\/12\/ANO-NUEVO-2026_Mesa-de-trabajo-1-copia-8-768x768.png 768w, https:\/\/pixcareforma.com\/wp-content\/uploads\/2025\/12\/ANO-NUEVO-2026_Mesa-de-trabajo-1-copia-8-1536x1536.png 1536w, https:\/\/pixcareforma.com\/wp-content\/uploads\/2025\/12\/ANO-NUEVO-2026_Mesa-de-trabajo-1-copia-8-2048x2048.png 2048w, https:\/\/pixcareforma.com\/wp-content\/uploads\/2025\/12\/ANO-NUEVO-2026_Mesa-de-trabajo-1-copia-8-12x12.png 12w' sizes=\"(max-width: 600px) 100vw, 600px\" alt=\"\u00a1La Noche m\u00e1s esperada del A\u00f1o!\">\n\t\t\t\t\t\t\t\t\t<\/a>\n\t\t\t\t\t\t\t\t<\/div>\n\t\t\t\t\t\t\t\t<div class=\"events-detail\">\n\t\t\t\t\t\t\t\t\t\t\t\t\t\t\t\t\t\t\t<div class=\"time\">\n\t\t\t\t\t\t\t\t\t\t\t<i class=\"zmdi zmdi-calendar-alt\"><\/i>\n\t\t\t\t\t\t\t\t\t\t\t<span> 31 de diciembre de 2025 <\/span>\n\t\t\t\t\t\t\t\t\t\t<\/div>\n\t\t\t\t\t\t\t\t\t\n\t\t\t\t\t\t\t\t\t\t\t\t\t\t\t\t\t\t\t<h4><a href=\"https:\/\/pixcareforma.com\/es\/event\/la-noche-mas-esperada-del-ano\/\" title=\"\u00a1La Noche m\u00e1s esperada del A\u00f1o!\">\u00a1La Noche m\u00e1s esperada del A\u00f1o!<\/a><\/h4>\n\t\t\t\t\t\t\t\t\t\n\t\t\t\t\t\t\t\t\t\t\t\t\t\t\t\t\t\t\t<p>Demosle la bienvenida al 2026 este 31 de diciembre en<\/p>\n\t\t\t\t\t\t\t\t\t\n\t\t\t\t\t\t\t\t\t\t\t\t\t\t\t\t\t\t\t<a href=\"https:\/\/pixcareforma.com\/es\/event\/la-noche-mas-esperada-del-ano\/\" class=\"more-link\">M\u00c1S INFORMACI\u00d3N<\/a>\n\t\t\t\t\t\t\t\t\t\t\t\t\t\t\t\t\t<\/div>\n\t\t\t\t\t\t\t<\/div>\n\t\t\t\t\t\t<\/div>\n\t\t\t\t\t\t\t\t\t\t\t\t<div class=\"col-xl-6 col-lg-6 col-md-6 col-sm-12 col-12\">\n\t\t\t\t\t\t\t<div class=\"events-content\">\n\t\t\t\t\t\t\t\t<div class=\"image\">\n\t\t\t\t\t\t\t\t\t<a href=\"https:\/\/pixcareforma.com\/es\/event\/festin-navideno\/\">\n\t\t\t\t\t\t\t\t\t\t<img src='https:\/\/pixcareforma.com\/wp-content\/uploads\/2025\/12\/NAVIDAD-PIXCA-02-300x300.png' srcset='https:\/\/pixcareforma.com\/wp-content\/uploads\/2025\/12\/NAVIDAD-PIXCA-02-300x300.png 300w, https:\/\/pixcareforma.com\/wp-content\/uploads\/2025\/12\/NAVIDAD-PIXCA-02-1024x1024.png 1024w, https:\/\/pixcareforma.com\/wp-content\/uploads\/2025\/12\/NAVIDAD-PIXCA-02-150x150.png 150w, https:\/\/pixcareforma.com\/wp-content\/uploads\/2025\/12\/NAVIDAD-PIXCA-02-768x768.png 768w, https:\/\/pixcareforma.com\/wp-content\/uploads\/2025\/12\/NAVIDAD-PIXCA-02-1536x1536.png 1536w, https:\/\/pixcareforma.com\/wp-content\/uploads\/2025\/12\/NAVIDAD-PIXCA-02-2048x2048.png 2048w, https:\/\/pixcareforma.com\/wp-content\/uploads\/2025\/12\/NAVIDAD-PIXCA-02-12x12.png 12w' sizes=\"(max-width: 600px) 100vw, 600px\" alt=\"Fest\u00edn Navide\u00f1o\">\n\t\t\t\t\t\t\t\t\t<\/a>\n\t\t\t\t\t\t\t\t<\/div>\n\t\t\t\t\t\t\t\t<div class=\"events-detail\">\n\t\t\t\t\t\t\t\t\t\t\t\t\t\t\t\t\t\t\t<div class=\"time\">\n\t\t\t\t\t\t\t\t\t\t\t<i class=\"zmdi zmdi-calendar-alt\"><\/i>\n\t\t\t\t\t\t\t\t\t\t\t<span> 24 de diciembre de 2025 <\/span>\n\t\t\t\t\t\t\t\t\t\t<\/div>\n\t\t\t\t\t\t\t\t\t\n\t\t\t\t\t\t\t\t\t\t\t\t\t\t\t\t\t\t\t<h4><a href=\"https:\/\/pixcareforma.com\/es\/event\/festin-navideno\/\" title=\"Fest\u00edn Navide\u00f1o\">Fest\u00edn Navide\u00f1o<\/a><\/h4>\n\t\t\t\t\t\t\t\t\t\n\t\t\t\t\t\t\t\t\t\t\t\t\t\t\t\t\t\t\t<p>\u00a1La Navidad sabe mejor cuando se comparte! Este 24 de<\/p>\n\t\t\t\t\t\t\t\t\t\n\t\t\t\t\t\t\t\t\t\t\t\t\t\t\t\t\t\t\t<a href=\"https:\/\/pixcareforma.com\/es\/event\/festin-navideno\/\" class=\"more-link\">M\u00c1S INFORMACI\u00d3N<\/a>\n\t\t\t\t\t\t\t\t\t\t\t\t\t\t\t\t\t<\/div>\n\t\t\t\t\t\t\t<\/div>\n\t\t\t\t\t\t<\/div>\n\t\t\t\t\t\t\t\t\t\t\t\t<div class=\"col-xl-6 col-lg-6 col-md-6 col-sm-12 col-12\">\n\t\t\t\t\t\t\t<div class=\"events-content\">\n\t\t\t\t\t\t\t\t<div class=\"image\">\n\t\t\t\t\t\t\t\t\t<a href=\"https:\/\/pixcareforma.com\/es\/event\/cena-de-thanksgiving\/\">\n\t\t\t\t\t\t\t\t\t\t<img src='https:\/\/pixcareforma.com\/wp-content\/uploads\/2025\/12\/1080_Mesa-de-trabajo-1-copia-12-300x300.png' srcset='https:\/\/pixcareforma.com\/wp-content\/uploads\/2025\/12\/1080_Mesa-de-trabajo-1-copia-12-300x300.png 300w, https:\/\/pixcareforma.com\/wp-content\/uploads\/2025\/12\/1080_Mesa-de-trabajo-1-copia-12-1024x1024.png 1024w, https:\/\/pixcareforma.com\/wp-content\/uploads\/2025\/12\/1080_Mesa-de-trabajo-1-copia-12-150x150.png 150w, https:\/\/pixcareforma.com\/wp-content\/uploads\/2025\/12\/1080_Mesa-de-trabajo-1-copia-12-768x768.png 768w, https:\/\/pixcareforma.com\/wp-content\/uploads\/2025\/12\/1080_Mesa-de-trabajo-1-copia-12-1536x1536.png 1536w, https:\/\/pixcareforma.com\/wp-content\/uploads\/2025\/12\/1080_Mesa-de-trabajo-1-copia-12-2048x2048.png 2048w, https:\/\/pixcareforma.com\/wp-content\/uploads\/2025\/12\/1080_Mesa-de-trabajo-1-copia-12-12x12.png 12w' sizes=\"(max-width: 600px) 100vw, 600px\" alt=\"Cena de Thanksgiving\">\n\t\t\t\t\t\t\t\t\t<\/a>\n\t\t\t\t\t\t\t\t<\/div>\n\t\t\t\t\t\t\t\t<div class=\"events-detail\">\n\t\t\t\t\t\t\t\t\t\t\t\t\t\t\t\t\t\t\t<div class=\"time\">\n\t\t\t\t\t\t\t\t\t\t\t<i class=\"zmdi zmdi-calendar-alt\"><\/i>\n\t\t\t\t\t\t\t\t\t\t\t<span> 27 de noviembre de 2025 <\/span>\n\t\t\t\t\t\t\t\t\t\t<\/div>\n\t\t\t\t\t\t\t\t\t\n\t\t\t\t\t\t\t\t\t\t\t\t\t\t\t\t\t\t\t<h4><a href=\"https:\/\/pixcareforma.com\/es\/event\/cena-de-thanksgiving\/\" title=\"Cena de Thanksgiving\">Cena de Thanksgiving<\/a><\/h4>\n\t\t\t\t\t\t\t\t\t\n\t\t\t\t\t\t\t\t\t\t\t\t\t\t\t\t\t\t\t<p>Este 27 de noviembre, en Pixca Reforma, la mesa se<\/p>\n\t\t\t\t\t\t\t\t\t\n\t\t\t\t\t\t\t\t\t\t\t\t\t\t\t\t\t\t\t<a href=\"https:\/\/pixcareforma.com\/es\/event\/cena-de-thanksgiving\/\" class=\"more-link\">M\u00c1S INFORMACI\u00d3N<\/a>\n\t\t\t\t\t\t\t\t\t\t\t\t\t\t\t\t\t<\/div>\n\t\t\t\t\t\t\t<\/div>\n\t\t\t\t\t\t<\/div>\n\t\t\t\t\t\t\t\t\t\t\t\t<div class=\"col-xl-6 col-lg-6 col-md-6 col-sm-12 col-12\">\n\t\t\t\t\t\t\t<div class=\"events-content\">\n\t\t\t\t\t\t\t\t<div class=\"image\">\n\t\t\t\t\t\t\t\t\t<a href=\"https:\/\/pixcareforma.com\/es\/event\/pure-design-y-pixca-reforma\/\">\n\t\t\t\t\t\t\t\t\t\t<img src='https:\/\/pixcareforma.com\/wp-content\/uploads\/2025\/08\/518354399_1300129032122012_4035804200186228139_n-300x300.jpg' srcset='https:\/\/pixcareforma.com\/wp-content\/uploads\/2025\/08\/518354399_1300129032122012_4035804200186228139_n-300x300.jpg 300w, https:\/\/pixcareforma.com\/wp-content\/uploads\/2025\/08\/518354399_1300129032122012_4035804200186228139_n-1024x1024.jpg 1024w, https:\/\/pixcareforma.com\/wp-content\/uploads\/2025\/08\/518354399_1300129032122012_4035804200186228139_n-150x150.jpg 150w, https:\/\/pixcareforma.com\/wp-content\/uploads\/2025\/08\/518354399_1300129032122012_4035804200186228139_n-768x768.jpg 768w, https:\/\/pixcareforma.com\/wp-content\/uploads\/2025\/08\/518354399_1300129032122012_4035804200186228139_n-1536x1536.jpg 1536w, https:\/\/pixcareforma.com\/wp-content\/uploads\/2025\/08\/518354399_1300129032122012_4035804200186228139_n-12x12.jpg 12w, https:\/\/pixcareforma.com\/wp-content\/uploads\/2025\/08\/518354399_1300129032122012_4035804200186228139_n.jpg 2048w' sizes=\"(max-width: 600px) 100vw, 600px\" alt=\"PURE Design y Pixca Reforma\">\n\t\t\t\t\t\t\t\t\t<\/a>\n\t\t\t\t\t\t\t\t<\/div>\n\t\t\t\t\t\t\t\t<div class=\"events-detail\">\n\t\t\t\t\t\t\t\t\t\t\t\t\t\t\t\t\t\t\t<div class=\"time\">\n\t\t\t\t\t\t\t\t\t\t\t<i class=\"zmdi zmdi-calendar-alt\"><\/i>\n\t\t\t\t\t\t\t\t\t\t\t<span> 22 de agosto de 2025 <\/span>\n\t\t\t\t\t\t\t\t\t\t<\/div>\n\t\t\t\t\t\t\t\t\t\n\t\t\t\t\t\t\t\t\t\t\t\t\t\t\t\t\t\t\t<h4><a href=\"https:\/\/pixcareforma.com\/es\/event\/pure-design-y-pixca-reforma\/\" title=\"PURE Design y Pixca Reforma\">PURE Design y Pixca Reforma<\/a><\/h4>\n\t\t\t\t\t\t\t\t\t\n\t\t\t\t\t\t\t\t\t\t\t\t\t\t\t\t\t\t\t<p>PURE Design y Pixca Reforma te invitan a la exposici\u00f3n<\/p>\n\t\t\t\t\t\t\t\t\t\n\t\t\t\t\t\t\t\t\t\t\t\t\t\t\t\t\t\t\t<a href=\"https:\/\/pixcareforma.com\/es\/event\/pure-design-y-pixca-reforma\/\" class=\"more-link\">M\u00c1S INFORMACI\u00d3N<\/a>\n\t\t\t\t\t\t\t\t\t\t\t\t\t\t\t\t\t<\/div>\n\t\t\t\t\t\t\t<\/div>\n\t\t\t\t\t\t<\/div>\n\t\t\t\t\t\t\t\t\t\t\t\t<div class=\"col-xl-6 col-lg-6 col-md-6 col-sm-12 col-12\">\n\t\t\t\t\t\t\t<div class=\"events-content\">\n\t\t\t\t\t\t\t\t<div class=\"image\">\n\t\t\t\t\t\t\t\t\t<a href=\"https:\/\/pixcareforma.com\/es\/event\/celebra-a-papa-este-15-de-junio\/\">\n\t\t\t\t\t\t\t\t\t\t<img src='https:\/\/pixcareforma.com\/wp-content\/uploads\/2025\/06\/DIA-DEL-PADRE-02-300x300.png' srcset='https:\/\/pixcareforma.com\/wp-content\/uploads\/2025\/06\/DIA-DEL-PADRE-02-300x300.png 300w, https:\/\/pixcareforma.com\/wp-content\/uploads\/2025\/06\/DIA-DEL-PADRE-02-1024x1024.png 1024w, https:\/\/pixcareforma.com\/wp-content\/uploads\/2025\/06\/DIA-DEL-PADRE-02-150x150.png 150w, https:\/\/pixcareforma.com\/wp-content\/uploads\/2025\/06\/DIA-DEL-PADRE-02-768x768.png 768w, https:\/\/pixcareforma.com\/wp-content\/uploads\/2025\/06\/DIA-DEL-PADRE-02-1536x1536.png 1536w, https:\/\/pixcareforma.com\/wp-content\/uploads\/2025\/06\/DIA-DEL-PADRE-02-2048x2048.png 2048w, https:\/\/pixcareforma.com\/wp-content\/uploads\/2025\/06\/DIA-DEL-PADRE-02-12x12.png 12w' sizes=\"(max-width: 600px) 100vw, 600px\" alt=\"Festeja a pap\u00e1\">\n\t\t\t\t\t\t\t\t\t<\/a>\n\t\t\t\t\t\t\t\t<\/div>\n\t\t\t\t\t\t\t\t<div class=\"events-detail\">\n\t\t\t\t\t\t\t\t\t\t\t\t\t\t\t\t\t\t\t<div class=\"time\">\n\t\t\t\t\t\t\t\t\t\t\t<i class=\"zmdi zmdi-calendar-alt\"><\/i>\n\t\t\t\t\t\t\t\t\t\t\t<span> 15 de junio de 2025 <\/span>\n\t\t\t\t\t\t\t\t\t\t<\/div>\n\t\t\t\t\t\t\t\t\t\n\t\t\t\t\t\t\t\t\t\t\t\t\t\t\t\t\t\t\t<h4><a href=\"https:\/\/pixcareforma.com\/es\/event\/celebra-a-papa-este-15-de-junio\/\" title=\"Festeja a pap\u00e1\">Festeja a pap\u00e1<\/a><\/h4>\n\t\t\t\t\t\t\t\t\t\n\t\t\t\t\t\t\t\t\t\t\t\t\t\t\t\t\t\t\t<p>Celebra el d\u00eda del padre en Pixca Reforma, Cuernavaca Convierte<\/p>\n\t\t\t\t\t\t\t\t\t\n\t\t\t\t\t\t\t\t\t\t\t\t\t\t\t\t\t\t\t<a href=\"https:\/\/pixcareforma.com\/es\/event\/celebra-a-papa-este-15-de-junio\/\" class=\"more-link\">M\u00c1S INFORMACI\u00d3N<\/a>\n\t\t\t\t\t\t\t\t\t\t\t\t\t\t\t\t\t<\/div>\n\t\t\t\t\t\t\t<\/div>\n\t\t\t\t\t\t<\/div>\n\t\t\t\t\t\t\t\t\t\t\t\t<div class=\"col-xl-6 col-lg-6 col-md-6 col-sm-12 col-12\">\n\t\t\t\t\t\t\t<div class=\"events-content\">\n\t\t\t\t\t\t\t\t<div class=\"image\">\n\t\t\t\t\t\t\t\t\t<a href=\"https:\/\/pixcareforma.com\/es\/event\/celebra-a-mama-este-10-de-mayo\/\">\n\t\t\t\t\t\t\t\t\t\t<img src='https:\/\/pixcareforma.com\/wp-content\/uploads\/2025\/04\/POST-300x300.png' srcset='https:\/\/pixcareforma.com\/wp-content\/uploads\/2025\/04\/POST-300x300.png 300w, https:\/\/pixcareforma.com\/wp-content\/uploads\/2025\/04\/POST-1024x1024.png 1024w, https:\/\/pixcareforma.com\/wp-content\/uploads\/2025\/04\/POST-150x150.png 150w, https:\/\/pixcareforma.com\/wp-content\/uploads\/2025\/04\/POST-768x768.png 768w, https:\/\/pixcareforma.com\/wp-content\/uploads\/2025\/04\/POST-1536x1536.png 1536w, https:\/\/pixcareforma.com\/wp-content\/uploads\/2025\/04\/POST-2048x2048.png 2048w, https:\/\/pixcareforma.com\/wp-content\/uploads\/2025\/04\/POST-12x12.png 12w' sizes=\"(max-width: 600px) 100vw, 600px\" alt=\"Celebra a mam\u00e1 este 10 de Mayo\">\n\t\t\t\t\t\t\t\t\t<\/a>\n\t\t\t\t\t\t\t\t<\/div>\n\t\t\t\t\t\t\t\t<div class=\"events-detail\">\n\t\t\t\t\t\t\t\t\t\t\t\t\t\t\t\t\t\t\t<div class=\"time\">\n\t\t\t\t\t\t\t\t\t\t\t<i class=\"zmdi zmdi-calendar-alt\"><\/i>\n\t\t\t\t\t\t\t\t\t\t\t<span> 10 de mayo de 2025 <\/span>\n\t\t\t\t\t\t\t\t\t\t<\/div>\n\t\t\t\t\t\t\t\t\t\n\t\t\t\t\t\t\t\t\t\t\t\t\t\t\t\t\t\t\t<h4><a href=\"https:\/\/pixcareforma.com\/es\/event\/celebra-a-mama-este-10-de-mayo\/\" title=\"Celebra a mam\u00e1 este 10 de Mayo\">Celebra a mam\u00e1 este 10 de Mayo<\/a><\/h4>\n\t\t\t\t\t\t\t\t\t\n\t\t\t\t\t\t\t\t\t\t\t\t\t\t\t\t\t\t\t<p>Sigue la tradici\u00f3n de festejar a mam\u00e1 en Pixca Reforma<\/p>\n\t\t\t\t\t\t\t\t\t\n\t\t\t\t\t\t\t\t\t\t\t\t\t\t\t\t\t\t\t<a href=\"https:\/\/pixcareforma.com\/es\/event\/celebra-a-mama-este-10-de-mayo\/\" class=\"more-link\">M\u00c1S INFORMACI\u00d3N<\/a>\n\t\t\t\t\t\t\t\t\t\t\t\t\t\t\t\t\t<\/div>\n\t\t\t\t\t\t\t<\/div>\n\t\t\t\t\t\t<\/div>\n\t\t\t\t\t\t\t\t\t\t\t\t<div class=\"col-xl-6 col-lg-6 col-md-6 col-sm-12 col-12\">\n\t\t\t\t\t\t\t<div class=\"events-content\">\n\t\t\t\t\t\t\t\t<div class=\"image\">\n\t\t\t\t\t\t\t\t\t<a href=\"https:\/\/pixcareforma.com\/es\/event\/spring-art-show\/\">\n\t\t\t\t\t\t\t\t\t\t<img src='https:\/\/pixcareforma.com\/wp-content\/uploads\/2025\/03\/483996190_1183035303831386_4234081797236279912_n-300x300.jpg' srcset='https:\/\/pixcareforma.com\/wp-content\/uploads\/2025\/03\/483996190_1183035303831386_4234081797236279912_n-300x300.jpg 300w, https:\/\/pixcareforma.com\/wp-content\/uploads\/2025\/03\/483996190_1183035303831386_4234081797236279912_n-1024x1024.jpg 1024w, https:\/\/pixcareforma.com\/wp-content\/uploads\/2025\/03\/483996190_1183035303831386_4234081797236279912_n-150x150.jpg 150w, https:\/\/pixcareforma.com\/wp-content\/uploads\/2025\/03\/483996190_1183035303831386_4234081797236279912_n-768x768.jpg 768w, https:\/\/pixcareforma.com\/wp-content\/uploads\/2025\/03\/483996190_1183035303831386_4234081797236279912_n-1536x1536.jpg 1536w, https:\/\/pixcareforma.com\/wp-content\/uploads\/2025\/03\/483996190_1183035303831386_4234081797236279912_n-12x12.jpg 12w, https:\/\/pixcareforma.com\/wp-content\/uploads\/2025\/03\/483996190_1183035303831386_4234081797236279912_n.jpg 2048w' sizes=\"(max-width: 600px) 100vw, 600px\" alt=\"Spring Art Show\">\n\t\t\t\t\t\t\t\t\t<\/a>\n\t\t\t\t\t\t\t\t<\/div>\n\t\t\t\t\t\t\t\t<div class=\"events-detail\">\n\t\t\t\t\t\t\t\t\t\t\t\t\t\t\t\t\t\t\t<div class=\"time\">\n\t\t\t\t\t\t\t\t\t\t\t<i class=\"zmdi zmdi-calendar-alt\"><\/i>\n\t\t\t\t\t\t\t\t\t\t\t<span> 21 de marzo de 2025 <\/span>\n\t\t\t\t\t\t\t\t\t\t<\/div>\n\t\t\t\t\t\t\t\t\t\n\t\t\t\t\t\t\t\t\t\t\t\t\t\t\t\t\t\t\t<h4><a href=\"https:\/\/pixcareforma.com\/es\/event\/spring-art-show\/\" title=\"Spring Art Show\">Spring Art Show<\/a><\/h4>\n\t\t\t\t\t\t\t\t\t\n\t\t\t\t\t\t\t\t\t\t\t\t\t\t\t\t\t\t\t<p>Este marzo te invitamos a disfrutar del Spring Art Show,<\/p>\n\t\t\t\t\t\t\t\t\t\n\t\t\t\t\t\t\t\t\t\t\t\t\t\t\t\t\t\t\t<a href=\"https:\/\/pixcareforma.com\/es\/event\/spring-art-show\/\" class=\"more-link\">M\u00c1S INFORMACI\u00d3N<\/a>\n\t\t\t\t\t\t\t\t\t\t\t\t\t\t\t\t\t<\/div>\n\t\t\t\t\t\t\t<\/div>\n\t\t\t\t\t\t<\/div>\n\t\t\t\t\t\t\t\t\t\t\t\t<div class=\"col-xl-6 col-lg-6 col-md-6 col-sm-12 col-12\">\n\t\t\t\t\t\t\t<div class=\"events-content\">\n\t\t\t\t\t\t\t\t<div class=\"image\">\n\t\t\t\t\t\t\t\t\t<a href=\"https:\/\/pixcareforma.com\/es\/event\/san-valentin\/\">\n\t\t\t\t\t\t\t\t\t\t<img src='https:\/\/pixcareforma.com\/wp-content\/uploads\/2025\/01\/web-1-300x300.jpg' srcset='https:\/\/pixcareforma.com\/wp-content\/uploads\/2025\/01\/web-1-300x300.jpg 300w, https:\/\/pixcareforma.com\/wp-content\/uploads\/2025\/01\/web-1-1024x1024.jpg 1024w, https:\/\/pixcareforma.com\/wp-content\/uploads\/2025\/01\/web-1-150x150.jpg 150w, https:\/\/pixcareforma.com\/wp-content\/uploads\/2025\/01\/web-1-768x768.jpg 768w, https:\/\/pixcareforma.com\/wp-content\/uploads\/2025\/01\/web-1-12x12.jpg 12w, https:\/\/pixcareforma.com\/wp-content\/uploads\/2025\/01\/web-1.jpg 1080w' sizes=\"(max-width: 600px) 100vw, 600px\" alt=\"San Valent\u00edn\">\n\t\t\t\t\t\t\t\t\t<\/a>\n\t\t\t\t\t\t\t\t<\/div>\n\t\t\t\t\t\t\t\t<div class=\"events-detail\">\n\t\t\t\t\t\t\t\t\t\t\t\t\t\t\t\t\t\t\t<div class=\"time\">\n\t\t\t\t\t\t\t\t\t\t\t<i class=\"zmdi zmdi-calendar-alt\"><\/i>\n\t\t\t\t\t\t\t\t\t\t\t<span> 14 de febrero de 2025 <\/span>\n\t\t\t\t\t\t\t\t\t\t<\/div>\n\t\t\t\t\t\t\t\t\t\n\t\t\t\t\t\t\t\t\t\t\t\t\t\t\t\t\t\t\t<h4><a href=\"https:\/\/pixcareforma.com\/es\/event\/san-valentin\/\" title=\"San Valent\u00edn\">San Valent\u00edn<\/a><\/h4>\n\t\t\t\t\t\t\t\t\t\n\t\t\t\t\t\t\t\t\t\t\t\t\t\t\t\t\t\t\t<p>Celebra San Valent\u00edn en Pixca Reforma. Este 14 de febrero<\/p>\n\t\t\t\t\t\t\t\t\t\n\t\t\t\t\t\t\t\t\t\t\t\t\t\t\t\t\t\t\t<a href=\"https:\/\/pixcareforma.com\/es\/event\/san-valentin\/\" class=\"more-link\">M\u00c1S INFORMACI\u00d3N<\/a>\n\t\t\t\t\t\t\t\t\t\t\t\t\t\t\t\t\t<\/div>\n\t\t\t\t\t\t\t<\/div>\n\t\t\t\t\t\t<\/div>\n\t\t\t\t\t\t\t\t\t\t\t\t<div class=\"col-xl-6 col-lg-6 col-md-6 col-sm-12 col-12\">\n\t\t\t\t\t\t\t<div class=\"events-content\">\n\t\t\t\t\t\t\t\t<div class=\"image\">\n\t\t\t\t\t\t\t\t\t<a href=\"https:\/\/pixcareforma.com\/es\/event\/cena-ano-nuevo-2024\/\">\n\t\t\t\t\t\t\t\t\t\t<img src='https:\/\/pixcareforma.com\/wp-content\/uploads\/2024\/12\/POST-1-300x300.png' srcset='https:\/\/pixcareforma.com\/wp-content\/uploads\/2024\/12\/POST-1-300x300.png 300w, https:\/\/pixcareforma.com\/wp-content\/uploads\/2024\/12\/POST-1-1024x1024.png 1024w, https:\/\/pixcareforma.com\/wp-content\/uploads\/2024\/12\/POST-1-150x150.png 150w, https:\/\/pixcareforma.com\/wp-content\/uploads\/2024\/12\/POST-1-768x768.png 768w, https:\/\/pixcareforma.com\/wp-content\/uploads\/2024\/12\/POST-1-1536x1536.png 1536w, https:\/\/pixcareforma.com\/wp-content\/uploads\/2024\/12\/POST-1-2048x2048.png 2048w, https:\/\/pixcareforma.com\/wp-content\/uploads\/2024\/12\/POST-1-12x12.png 12w' sizes=\"(max-width: 600px) 100vw, 600px\" alt=\"Cena A\u00f1o Nuevo 2024\">\n\t\t\t\t\t\t\t\t\t<\/a>\n\t\t\t\t\t\t\t\t<\/div>\n\t\t\t\t\t\t\t\t<div class=\"events-detail\">\n\t\t\t\t\t\t\t\t\t\t\t\t\t\t\t\t\t\t\t<div class=\"time\">\n\t\t\t\t\t\t\t\t\t\t\t<i class=\"zmdi zmdi-calendar-alt\"><\/i>\n\t\t\t\t\t\t\t\t\t\t\t<span> 31 de diciembre de 2024 <\/span>\n\t\t\t\t\t\t\t\t\t\t<\/div>\n\t\t\t\t\t\t\t\t\t\n\t\t\t\t\t\t\t\t\t\t\t\t\t\t\t\t\t\t\t<h4><a href=\"https:\/\/pixcareforma.com\/es\/event\/cena-ano-nuevo-2024\/\" title=\"Cena A\u00f1o Nuevo 2024\">Cena A\u00f1o Nuevo 2024<\/a><\/h4>\n\t\t\t\t\t\t\t\t\t\n\t\t\t\t\t\t\t\t\t\t\t\t\t\t\t\t\t\t\t<p>Celebra este Fin de A\u00f1o en Pixca Reforma Cuernavaca con<\/p>\n\t\t\t\t\t\t\t\t\t\n\t\t\t\t\t\t\t\t\t\t\t\t\t\t\t\t\t\t\t<a href=\"https:\/\/pixcareforma.com\/es\/event\/cena-ano-nuevo-2024\/\" class=\"more-link\">M\u00c1S INFORMACI\u00d3N<\/a>\n\t\t\t\t\t\t\t\t\t\t\t\t\t\t\t\t\t<\/div>\n\t\t\t\t\t\t\t<\/div>\n\t\t\t\t\t\t<\/div>\n\t\t\t\t\t\t\t\t\t\t<\/div>\n\t\t\t<\/div>\n\t\t<\/section>\n\n\t\t\t\t<\/div>\n\t\t\t\t<\/div>\n\t\t\t\t\t<\/div>\n\t\t<\/div>\n\t\t\t\t\t\t\t<\/div>\n\t\t<\/section>\n\t\t\t\t\t\t\t<\/div>\n\t\t","protected":false},"excerpt":{"rendered":"<p>Upcoming events 8 de febrero de 2024 Galer\u00eda de Arte Alberto V\u00e1zquez Navarrete Conoce el arte de Alberto V\u00e1zquez Navarrete, este 8 de M\u00c1S INFORMACI\u00d3N 14 de febrero de 2024 Especial de 14 de febrero Disfruta el mes del amor con el delicioso men\u00fa que M\u00c1S INFORMACI\u00d3N 18 de enero de 2024 Cena Maridaje Comienza [&hellip;]<\/p>\n","protected":false},"author":1,"featured_media":0,"parent":0,"menu_order":0,"comment_status":"closed","ping_status":"closed","template":"elementor_header_footer","meta":{"om_disable_all_campaigns":false,"_monsterinsights_skip_tracking":false,"_monsterinsights_sitenote_active":false,"_monsterinsights_sitenote_note":"","_monsterinsights_sitenote_category":0,"_joinchat":[],"footnotes":""},"yoast_head":"<!-- This site is optimized with the Yoast SEO plugin v19.1 - https:\/\/yoast.com\/wordpress\/plugins\/seo\/ -->\n<title>Events - Pixca Reforma Restaurante<\/title>\n<meta name=\"robots\" content=\"index, follow, max-snippet:-1, max-image-preview:large, max-video-preview:-1\" \/>\n<link rel=\"canonical\" href=\"https:\/\/pixcareforma.com\/es\/events\/\" \/>\n<meta property=\"og:locale\" content=\"es_MX\" \/>\n<meta property=\"og:type\" content=\"article\" \/>\n<meta property=\"og:title\" content=\"Events - Pixca Reforma Restaurante\" \/>\n<meta property=\"og:description\" content=\"Upcoming events 8 de febrero de 2024 Galer\u00eda de Arte Alberto V\u00e1zquez Navarrete Conoce el arte de Alberto V\u00e1zquez Navarrete, este 8 de M\u00c1S INFORMACI\u00d3N 14 de febrero de 2024 Especial de 14 de febrero Disfruta el mes del amor con el delicioso men\u00fa que M\u00c1S INFORMACI\u00d3N 18 de enero de 2024 Cena Maridaje Comienza [&hellip;]\" \/>\n<meta property=\"og:url\" content=\"https:\/\/pixcareforma.com\/es\/events\/\" \/>\n<meta property=\"og:site_name\" content=\"Pixca Reforma Restaurante\" \/>\n<meta property=\"article:modified_time\" content=\"2024-02-09T21:03:07+00:00\" \/>\n<meta property=\"og:image\" content=\"http:\/\/pixcareforma.com\/wp-content\/uploads\/2024\/01\/419880761_865134782288108_5698256143442595250_n-300x300.jpg\" \/>\n<meta name=\"twitter:card\" content=\"summary_large_image\" \/>\n<meta name=\"twitter:label1\" content=\"Tiempo de lectura\" \/>\n\t<meta name=\"twitter:data1\" content=\"3 minutos\" \/>\n<script type=\"application\/ld+json\" class=\"yoast-schema-graph\">{\"@context\":\"https:\/\/schema.org\",\"@graph\":[{\"@type\":\"WebSite\",\"@id\":\"https:\/\/pixcareforma.com\/#website\",\"url\":\"https:\/\/pixcareforma.com\/\",\"name\":\"Pixca Reforma Restaurante\",\"description\":\"El mejor restaurante en Cuernavaca\",\"potentialAction\":[{\"@type\":\"SearchAction\",\"target\":{\"@type\":\"EntryPoint\",\"urlTemplate\":\"https:\/\/pixcareforma.com\/?s={search_term_string}\"},\"query-input\":\"required name=search_term_string\"}],\"inLanguage\":\"es\"},{\"@type\":\"ImageObject\",\"inLanguage\":\"es\",\"@id\":\"https:\/\/pixcareforma.com\/events\/#primaryimage\",\"url\":\"http:\/\/pixcareforma.com\/wp-content\/uploads\/2024\/01\/419880761_865134782288108_5698256143442595250_n-300x300.jpg\",\"contentUrl\":\"http:\/\/pixcareforma.com\/wp-content\/uploads\/2024\/01\/419880761_865134782288108_5698256143442595250_n-300x300.jpg\"},{\"@type\":\"WebPage\",\"@id\":\"https:\/\/pixcareforma.com\/events\/#webpage\",\"url\":\"https:\/\/pixcareforma.com\/events\/\",\"name\":\"Events - Pixca Reforma Restaurante\",\"isPartOf\":{\"@id\":\"https:\/\/pixcareforma.com\/#website\"},\"primaryImageOfPage\":{\"@id\":\"https:\/\/pixcareforma.com\/events\/#primaryimage\"},\"datePublished\":\"2024-02-09T20:52:22+00:00\",\"dateModified\":\"2024-02-09T21:03:07+00:00\",\"breadcrumb\":{\"@id\":\"https:\/\/pixcareforma.com\/events\/#breadcrumb\"},\"inLanguage\":\"es\",\"potentialAction\":[{\"@type\":\"ReadAction\",\"target\":[\"https:\/\/pixcareforma.com\/events\/\"]}]},{\"@type\":\"BreadcrumbList\",\"@id\":\"https:\/\/pixcareforma.com\/events\/#breadcrumb\",\"itemListElement\":[{\"@type\":\"ListItem\",\"position\":1,\"name\":\"Portada\",\"item\":\"https:\/\/pixcareforma.com\/\"},{\"@type\":\"ListItem\",\"position\":2,\"name\":\"Events\"}]}]}<\/script>\n<!-- \/ Yoast SEO plugin. -->","yoast_head_json":{"title":"Events - Pixca Reforma Restaurante","robots":{"index":"index","follow":"follow","max-snippet":"max-snippet:-1","max-image-preview":"max-image-preview:large","max-video-preview":"max-video-preview:-1"},"canonical":"https:\/\/pixcareforma.com\/es\/events\/","og_locale":"es_MX","og_type":"article","og_title":"Events - Pixca Reforma Restaurante","og_description":"Upcoming events 8 de febrero de 2024 Galer\u00eda de Arte Alberto V\u00e1zquez Navarrete Conoce el arte de Alberto V\u00e1zquez Navarrete, este 8 de M\u00c1S INFORMACI\u00d3N 14 de febrero de 2024 Especial de 14 de febrero Disfruta el mes del amor con el delicioso men\u00fa que M\u00c1S INFORMACI\u00d3N 18 de enero de 2024 Cena Maridaje Comienza [&hellip;]","og_url":"https:\/\/pixcareforma.com\/es\/events\/","og_site_name":"Pixca Reforma Restaurante","article_modified_time":"2024-02-09T21:03:07+00:00","og_image":[{"url":"http:\/\/pixcareforma.com\/wp-content\/uploads\/2024\/01\/419880761_865134782288108_5698256143442595250_n-300x300.jpg"}],"twitter_card":"summary_large_image","twitter_misc":{"Tiempo de lectura":"3 minutos"},"schema":{"@context":"https:\/\/schema.org","@graph":[{"@type":"WebSite","@id":"https:\/\/pixcareforma.com\/#website","url":"https:\/\/pixcareforma.com\/","name":"Pixca Reforma Restaurante","description":"El mejor restaurante en Cuernavaca","potentialAction":[{"@type":"SearchAction","target":{"@type":"EntryPoint","urlTemplate":"https:\/\/pixcareforma.com\/?s={search_term_string}"},"query-input":"required name=search_term_string"}],"inLanguage":"es"},{"@type":"ImageObject","inLanguage":"es","@id":"https:\/\/pixcareforma.com\/events\/#primaryimage","url":"http:\/\/pixcareforma.com\/wp-content\/uploads\/2024\/01\/419880761_865134782288108_5698256143442595250_n-300x300.jpg","contentUrl":"http:\/\/pixcareforma.com\/wp-content\/uploads\/2024\/01\/419880761_865134782288108_5698256143442595250_n-300x300.jpg"},{"@type":"WebPage","@id":"https:\/\/pixcareforma.com\/events\/#webpage","url":"https:\/\/pixcareforma.com\/events\/","name":"Events - Pixca Reforma Restaurante","isPartOf":{"@id":"https:\/\/pixcareforma.com\/#website"},"primaryImageOfPage":{"@id":"https:\/\/pixcareforma.com\/events\/#primaryimage"},"datePublished":"2024-02-09T20:52:22+00:00","dateModified":"2024-02-09T21:03:07+00:00","breadcrumb":{"@id":"https:\/\/pixcareforma.com\/events\/#breadcrumb"},"inLanguage":"es","potentialAction":[{"@type":"ReadAction","target":["https:\/\/pixcareforma.com\/events\/"]}]},{"@type":"BreadcrumbList","@id":"https:\/\/pixcareforma.com\/events\/#breadcrumb","itemListElement":[{"@type":"ListItem","position":1,"name":"Portada","item":"https:\/\/pixcareforma.com\/"},{"@type":"ListItem","position":2,"name":"Events"}]}]}},"_links":{"self":[{"href":"https:\/\/pixcareforma.com\/es\/wp-json\/wp\/v2\/pages\/4514"}],"collection":[{"href":"https:\/\/pixcareforma.com\/es\/wp-json\/wp\/v2\/pages"}],"about":[{"href":"https:\/\/pixcareforma.com\/es\/wp-json\/wp\/v2\/types\/page"}],"author":[{"embeddable":true,"href":"https:\/\/pixcareforma.com\/es\/wp-json\/wp\/v2\/users\/1"}],"replies":[{"embeddable":true,"href":"https:\/\/pixcareforma.com\/es\/wp-json\/wp\/v2\/comments?post=4514"}],"version-history":[{"count":4,"href":"https:\/\/pixcareforma.com\/es\/wp-json\/wp\/v2\/pages\/4514\/revisions"}],"predecessor-version":[{"id":4522,"href":"https:\/\/pixcareforma.com\/es\/wp-json\/wp\/v2\/pages\/4514\/revisions\/4522"}],"wp:attachment":[{"href":"https:\/\/pixcareforma.com\/es\/wp-json\/wp\/v2\/media?parent=4514"}],"curies":[{"name":"wp","href":"https:\/\/api.w.org\/{rel}","templated":true}]}}